{"id":6525,"date":"2019-07-21T11:42:59","date_gmt":"2019-07-21T09:42:59","guid":{"rendered":"http:\/\/www.centroorizzontelavoro.it\/?page_id=6525"},"modified":"2019-08-03T10:37:53","modified_gmt":"2019-08-03T08:37:53","slug":"fai-il-servizio-civile-2","status":"publish","type":"page","link":"http:\/\/www.centroorizzontelavoro.it\/index.php\/fai-il-servizio-civile-2\/","title":{"rendered":"Fai il servizio civile"},"content":{"rendered":"<div id=\"pl-6525\"  class=\"panel-layout\" ><div id=\"pg-6525-0\"  class=\"panel-grid panel-no-style\" ><div id=\"pgc-6525-0-0\"  class=\"panel-grid-cell\" ><div id=\"panel-6525-0-0-0\" class=\"so-panel widget widget_heading panel-first-child\" data-index=\"0\" ><div class=\"panel-widget-style panel-widget-style-for-6525-0-0-0\" ><div class=\"thim-widget-heading thim-widget-heading-base template-base\"><div class=\"thim-heading text-center \"><div class=\"sc-heading article_heading \" style=\"padding: 10px;\"><h3 class=\"heading__primary\"><span><\/span><span>UN ANNO DI SERVIZIO CIVILE AL CENTRO ORIZZONTE LAVORO<\/span><span><\/span><\/h3><\/div><\/div><\/div><\/div><\/div><div id=\"panel-6525-0-0-1\" class=\"so-panel widget widget_sow-editor panel-last-child\" data-index=\"1\" ><div class=\"so-widget-sow-editor so-widget-sow-editor-base\">\n<div class=\"siteorigin-widget-tinymce textwidget\">\n\t<p><span style=\"color: #ff6600;\"><strong>Cos\u2019\u00e8 il servizio civile?<\/strong><\/span><\/p>\n<p style=\"text-align: justify;\">E' l\u2019opportunit\u00e0 messa a disposizione dei giovani dai 18 ai 29 anni (non ancora compiuti) di dedicare un anno della propria vita a favore di un impegno solidaristico inteso come impegno per il bene di tutti e di ciascuno e quindi come valore di coesione sociale.<br \/>\nIl Servizio Civile Nazionale, istituito con la legge 6 marzo 2001 n\u00b0 64 \u00e8 un modo di difendere la patria, il cui \"dovere\" \u00e8 sancito dall'articolo 52 della Costituzione; una difesa \u201cnon armata e non violenta\u201d che non deve essere riferita al territorio dello Stato e alla tutela dei suoi confini esterni, quanto alla condivisione di valori comuni e fondanti l'ordinamento democratico del nostro stato.<br \/>\nIl servizio civile volontario garantisce ai giovani una forte valenza educativa e formativa, un\u2019importante e spesso unica occasione di crescita personale, un\u2019opportunit\u00e0 di educazione alla cittadinanza attiva, contribuendo allo sviluppo sociale, culturale ed economico del nostro Paese.<br \/>\nSi tratta di una bella opportunit\u00e0 che consente di prestare un\u2019arricchente esperienza di volontariato della durata di un anno, permette di acquisire competenze spendibili nella vita e per l\u2019inserimento nel mondo del lavoro, matura crediti formativi universitari e un punteggio valido nei concorsi pubblici, \u00e8 riscattabile ai fini pensionistici, prevede una remunerazione mensile, la certificazione delle competenze acquisite e \u2026 tanto altro ancora!<\/p>\n<p><span style=\"color: #ff6600;\"><strong>Perch\u00e9 fare il Servizio Civile al Centro Orizzonte Lavoro?<a href=\"http:\/\/www.centroorizzontelavoro.it\/wp-content\/uploads\/2019\/07\/20.-Allestimento-di-uno-stand-sui-propri-servizi.jpg\"><img loading=\"lazy\" class=\"alignright wp-image-6530\" src=\"http:\/\/www.centroorizzontelavoro.it\/wp-content\/uploads\/2019\/07\/20.-Allestimento-di-uno-stand-sui-propri-servizi-300x225.jpg\" alt=\"\" width=\"400\" height=\"300\" srcset=\"http:\/\/www.centroorizzontelavoro.it\/wp-content\/uploads\/2019\/07\/20.-Allestimento-di-uno-stand-sui-propri-servizi-300x225.jpg 300w, http:\/\/www.centroorizzontelavoro.it\/wp-content\/uploads\/2019\/07\/20.-Allestimento-di-uno-stand-sui-propri-servizi-768x576.jpg 768w, http:\/\/www.centroorizzontelavoro.it\/wp-content\/uploads\/2019\/07\/20.-Allestimento-di-uno-stand-sui-propri-servizi-600x450.jpg 600w, http:\/\/www.centroorizzontelavoro.it\/wp-content\/uploads\/2019\/07\/20.-Allestimento-di-uno-stand-sui-propri-servizi.jpg 960w\" sizes=\"(max-width: 400px) 100vw, 400px\" \/><\/a><\/strong><\/span><\/p>\n<p style=\"text-align: justify;\">Scegliere di svolgere il Servizio Civile Universale presso il Centro Orizzonte Lavoro vuol dire sostenere ed agevolare tutti quei giovani che si trovano in una condizione di svantaggio e vogliono intervenire dando un contributo personale per sconfiggere la disoccupazione giovanile e la povert\u00e0 nel nostro territorio.<br \/>\nI candidati selezionati verranno coinvolti nelle attivit\u00e0 tipiche della cooperativa, la quale svolge servizi di accompagnamento al lavoro e all\u2019impresa, rivolti a quanti sono alla ricerca della propria occupazione (con particolare attenzione alle fasce pi\u00f9 deboli della popolazione), oltre che di consulenza al Terzo settore (associazioni, enti di volontariato, cooperative sociali).<\/p>\n<p><span style=\"color: #ff6600;\"><strong>Come fare per presentare la mia candidatura?<\/strong><\/span><\/p>\n<p style=\"text-align: justify;\">Il Centro Orizzonte Lavoro \u00e8 una sede di attuazione di servizio civile della Federazione <a href=\"https:\/\/www.salesianiperilsociale.it\/servizio-civile\/\" target=\"_blank\" rel=\"noopener\">\u201cSalesiani per il Sociale\u201d SCS \/ CNOS<\/a>, l\u2019organizzazione non-profit guidata dai Salesiani d\u2019Italia che, oltre a continuare l\u2019opera di Don Bosco nell\u2019ambito dell\u2019emarginazione e del disagio giovanile, si occupa di coordinare alcuni progetti di Servizio Civile Universale in Italia e all\u2019Estero.<br \/>\nOgni anno, quando viene emanato il bando di selezione dei volontari (il periodo cambia di anno in anno), i giovani tra i 18 e 29 anni non compiuti possono consultare il sito <a href=\"http:\/\/www.scnsalesianisicilia.it\/\" target=\"_blank\" rel=\"noopener\">dell\u2019Ufficio per il Servizio Civile con i Salesiani in Sicilia<\/a> e cercare, tra i tanti, il progetto che ha per sede di attuazione il Centro Orizzonte Lavoro. Dal sito stesso \u00e8 possibile conoscere tutti i dettagli, i criteri di selezione, i tempi e i modi di presentazione della domanda e la modulistica che va compilata.<br \/>\nSe fossi interessato\/a a presentare la domanda per il bando 2019-2020, portaci a conoscenza di questa tua intenzione inviandoci una mail a <a href=\"mailto:info@centrorizzontela.it\" target=\"_blank\" rel=\"noopener\">info@centrorizzontela.it<\/a>. In prossimit\u00e0 dell\u2019uscita del bando, ti contatteremo e, insieme a tutti coloro che ci avranno messo al corrente di tale loro intenzione, sarete invitati a partecipare ad un incontro in cui vi forniremo tutte le informazioni e i chiarimenti che possono tornare utili per una corretta presentazione dell\u2019istanza.<\/p>\n<p><strong><span style=\"color: #ff6600;\"><a href=\"http:\/\/www.centroorizzontelavoro.it\/wp-content\/uploads\/2019\/07\/Fai-servizio-civile-con-noi.jpg\"><img loading=\"lazy\" class=\"alignleft wp-image-6532\" src=\"http:\/\/www.centroorizzontelavoro.it\/wp-content\/uploads\/2019\/07\/Fai-servizio-civile-con-noi-300x225.jpg\" alt=\"\" width=\"400\" height=\"300\" srcset=\"http:\/\/www.centroorizzontelavoro.it\/wp-content\/uploads\/2019\/07\/Fai-servizio-civile-con-noi-300x225.jpg 300w, http:\/\/www.centroorizzontelavoro.it\/wp-content\/uploads\/2019\/07\/Fai-servizio-civile-con-noi-768x576.jpg 768w, http:\/\/www.centroorizzontelavoro.it\/wp-content\/uploads\/2019\/07\/Fai-servizio-civile-con-noi-1024x768.jpg 1024w, http:\/\/www.centroorizzontelavoro.it\/wp-content\/uploads\/2019\/07\/Fai-servizio-civile-con-noi-600x450.jpg 600w, http:\/\/www.centroorizzontelavoro.it\/wp-content\/uploads\/2019\/07\/Fai-servizio-civile-con-noi.jpg 1600w\" sizes=\"(max-width: 400px) 100vw, 400px\" \/><\/a>La testimonianza di alcune volontarie che hanno svolto il loro anno di servizio civile con noi<\/span><\/strong><\/p>\n<p style=\"text-align: justify;\"><em>\u201cL\u2019anno del servizio civile al Col, per noi, pu\u00f2 essere riassunto in una frase del poeta Gibran: Se vuoi essere pi\u00f9 vicino a Dio stai pi\u00f9 vicino alle persone. Un grazie agli operatori del Centro Orizzonte Lavoro e ai responsabili dell\u2019ufficio Servizio Civile con i Salesiani in Sicilia che ci hanno permesso di vivere quest\u2019avventura. Il servizio civile ci ha permesso di ampliare il nostro bagaglio culturale e professionale. E\u2019stata un\u2019esperienza positiva e la consiglierei a coloro che vogliano sperimentare un\u2019iniziativa di volontariato. L\u2019esperienza del servizio civile \u00e8 stata sicuramente un\u2019esperienza carica di contenuti e di emozioni, la consiglierei assolutamente a tutti i giovani come fonte di insegnamento per la vita\u201d<\/em>.<br \/>\nLuciana, Valentina e Giuliana, volontarie<\/p>\n<\/div>\n<\/div><\/div><\/div><\/div><\/div>","protected":false},"excerpt":{"rendered":"<p>Cos\u2019\u00e8 il servizio civile? E&#8217; l\u2019opportunit\u00e0 messa a disposizione dei giovani dai 18 ai 29 anni (non ancora compiuti) di dedicare un anno della propria vita a favore di un impegno solidaristico inteso come impegno per il bene di tutti e di ciascuno e quindi come valore di coesione sociale. [&hellip;]<\/p>\n","protected":false},"author":1,"featured_media":0,"parent":0,"menu_order":0,"comment_status":"closed","ping_status":"closed","template":"","meta":{"_monsterinsights_skip_tracking":false,"_monsterinsights_sitenote_active":false,"_monsterinsights_sitenote_note":"","_monsterinsights_sitenote_category":0},"_links":{"self":[{"href":"http:\/\/www.centroorizzontelavoro.it\/index.php\/wp-json\/wp\/v2\/pages\/6525"}],"collection":[{"href":"http:\/\/www.centroorizzontelavoro.it\/index.php\/wp-json\/wp\/v2\/pages"}],"about":[{"href":"http:\/\/www.centroorizzontelavoro.it\/index.php\/wp-json\/wp\/v2\/types\/page"}],"author":[{"embeddable":true,"href":"http:\/\/www.centroorizzontelavoro.it\/index.php\/wp-json\/wp\/v2\/users\/1"}],"replies":[{"embeddable":true,"href":"http:\/\/www.centroorizzontelavoro.it\/index.php\/wp-json\/wp\/v2\/comments?post=6525"}],"version-history":[{"count":7,"href":"http:\/\/www.centroorizzontelavoro.it\/index.php\/wp-json\/wp\/v2\/pages\/6525\/revisions"}],"predecessor-version":[{"id":6826,"href":"http:\/\/www.centroorizzontelavoro.it\/index.php\/wp-json\/wp\/v2\/pages\/6525\/revisions\/6826"}],"wp:attachment":[{"href":"http:\/\/www.centroorizzontelavoro.it\/index.php\/wp-json\/wp\/v2\/media?parent=6525"}],"curies":[{"name":"wp","href":"https:\/\/api.w.org\/{rel}","templated":true}]}}